{"id":33,"date":"2022-08-16T14:30:44","date_gmt":"2022-08-16T14:30:44","guid":{"rendered":"http:\/\/www.casalosprados.es\/?page_id=33"},"modified":"2025-04-14T10:42:10","modified_gmt":"2025-04-14T10:42:10","slug":"inicio","status":"publish","type":"page","link":"https:\/\/www.casalosprados.es\/","title":{"rendered":"INICIO"},"content":{"rendered":"<p>[et_pb_section fb_built=\u00bb1&#8243; fullwidth=\u00bbon\u00bb disabled_on=\u00bbon|on|off\u00bb _builder_version=\u00bb4.18.0&#8243; _module_preset=\u00bbdefault\u00bb background_color=\u00bb#FFFFFF\u00bb animation_style=\u00bbfade\u00bb global_colors_info=\u00bb{}\u00bb][et_pb_fullwidth_slider use_bg_overlay=\u00bbon\u00bb bg_overlay_color=\u00bb#000000&#8243; use_text_overlay=\u00bboff\u00bb arrows_custom_color=\u00bb#FFFFFF\u00bb dot_nav_custom_color=\u00bb#FFFFFF\u00bb _builder_version=\u00bb4.18.0&#8243; _module_preset=\u00bbdefault\u00bb header_font=\u00bbAbel||||||||\u00bb header_text_color=\u00bb#FFFFFF\u00bb header_font_size=\u00bb68px\u00bb body_font=\u00bbAbel|700|on||||||\u00bb body_text_color=\u00bb#000000&#8243; body_font_size=\u00bb48px\u00bb background_color=\u00bb#FFFFFF\u00bb custom_padding=\u00bb91px|||||\u00bb auto=\u00bbon\u00bb auto_speed=\u00bb4000&#8243; body_text_shadow_style=\u00bbpreset5&#8243; body_text_shadow_vertical_length=\u00bb-0.01em\u00bb body_text_shadow_blur_strength=\u00bb0.26em\u00bb body_text_shadow_color=\u00bb#000000&#8243; border_color_all_image=\u00bb#ffffff\u00bb global_colors_info=\u00bb{}\u00bb][et_pb_slide heading=\u00bbTRANSPORTES CASA LOS PRADOS, S.L.U.\u00bb button_text=\u00bbcontacto\u00bb button_link=\u00bbhttps:\/\/www.casalosprados.es\/contacto-2\/\u00bb use_bg_overlay=\u00bbon\u00bb bg_overlay_color=\u00bbRGBA(255,255,255,0)\u00bb use_text_overlay=\u00bbon\u00bb _builder_version=\u00bb4.18.0&#8243; _module_preset=\u00bbdefault\u00bb header_text_color=\u00bb#FFFFFF\u00bb header_font_size=\u00bb50px\u00bb body_text_color=\u00bb#FFFFFF\u00bb body_font_size=\u00bb1px\u00bb background_color=\u00bb#FFFFFF\u00bb background_enable_color=\u00bbon\u00bb background_image=\u00bbhttps:\/\/www.casalosprados.es\/wp-content\/uploads\/2022\/09\/SLIDER04-1920X600.jpg\u00bb background_enable_image=\u00bbon\u00bb background_size=\u00bbcontain\u00bb custom_button=\u00bbon\u00bb button_text_color=\u00bb#FFFFFF\u00bb button_bg_color=\u00bb#E02B20&#8243; button_border_color=\u00bb#E02B20&#8243; button_border_radius=\u00bb48px\u00bb button_font=\u00bb|800|||||||\u00bb width=\u00bb100%\u00bb max_width=\u00bb100%\u00bb global_colors_info=\u00bb{}\u00bb sticky_transition=\u00bbon\u00bb]<\/p>\n<h1 class=\"page-subtitle theme-font\"><strong>Transporte de mercanc\u00edas por carretera con sede en Cantabria<\/strong><\/h1>\n<p>[\/et_pb_slide][et_pb_slide heading=\u00bbTRANSPORTES CASA LOS PRADOS, S.L.U.\u00bb button_text=\u00bbcontacto\u00bb button_link=\u00bbhttps:\/\/www.casalosprados.es\/contacto-2\/\u00bb use_bg_overlay=\u00bbon\u00bb bg_overlay_color=\u00bbRGBA(255,255,255,0)\u00bb use_text_overlay=\u00bbon\u00bb _builder_version=\u00bb4.18.0&#8243; _module_preset=\u00bbdefault\u00bb header_font_size=\u00bb50px\u00bb body_font_size=\u00bb1px\u00bb background_color=\u00bb#FFFFFF\u00bb background_enable_color=\u00bbon\u00bb background_image=\u00bbhttps:\/\/www.casalosprados.es\/wp-content\/uploads\/2022\/09\/SLIDER05-1920X600.jpg\u00bb background_enable_image=\u00bbon\u00bb background_size=\u00bbcontain\u00bb custom_button=\u00bbon\u00bb button_text_color=\u00bb#FFFFFF\u00bb button_bg_color=\u00bb#E02B20&#8243; button_border_color=\u00bb#E02B20&#8243; button_border_radius=\u00bb48px\u00bb button_font=\u00bb|800|||||||\u00bb width=\u00bb100%\u00bb max_width=\u00bb100%\u00bb global_colors_info=\u00bb{}\u00bb sticky_transition=\u00bbon\u00bb]<\/p>\n<h1 class=\"page-subtitle theme-font\"><strong>Transporte de mercanc\u00edas peligrosas, cargas paletizadas, cargas a granel, transporte de chatarras&#8230;<\/strong><\/h1>\n<p>[\/et_pb_slide][et_pb_slide heading=\u00bbTRANSPORTES CASA LOS PRADOS, S.L.U\u00bb button_text=\u00bbcontacto\u00bb button_link=\u00bbhttps:\/\/www.casalosprados.es\/contacto-2\/\u00bb use_bg_overlay=\u00bbon\u00bb bg_overlay_color=\u00bbRGBA(255,255,255,0)\u00bb use_text_overlay=\u00bbon\u00bb _builder_version=\u00bb4.18.0&#8243; _module_preset=\u00bbdefault\u00bb header_font_size=\u00bb50px\u00bb body_font_size=\u00bb1px\u00bb background_color=\u00bb#FFFFFF\u00bb background_enable_color=\u00bbon\u00bb background_image=\u00bbhttps:\/\/www.casalosprados.es\/wp-content\/uploads\/2022\/08\/SLIDER03-1920X600.jpg\u00bb background_enable_image=\u00bbon\u00bb background_size=\u00bbcontain\u00bb custom_button=\u00bbon\u00bb button_text_color=\u00bb#FFFFFF\u00bb button_bg_color=\u00bb#E02B20&#8243; button_border_color=\u00bb#E02B20&#8243; button_border_radius=\u00bb48px\u00bb button_font=\u00bb|800|||||||\u00bb width=\u00bb100%\u00bb max_width=\u00bb100%\u00bb global_colors_info=\u00bb{}\u00bb sticky_transition=\u00bbon\u00bb]<\/p>\n<h1 class=\"page-subtitle theme-font\"><strong>Servicio de taxi<\/strong><\/h1>\n<p>[\/et_pb_slide][\/et_pb_fullwidth_slider][\/et_pb_section][et_pb_section fb_built=\u00bb1&#8243; _builder_version=\u00bb4.18.0&#8243; _module_preset=\u00bbdefault\u00bb custom_margin=\u00bb||-2px|||\u00bb custom_padding=\u00bb27px||0px|||\u00bb global_colors_info=\u00bb{}\u00bb][et_pb_row column_structure=\u00bb1_3,1_3,1_3&#8243; make_equal=\u00bbon\u00bb _builder_version=\u00bb4.18.0&#8243; _module_preset=\u00bbdefault\u00bb transform_scale=\u00bb110%|110%\u00bb width=\u00bbauto\u00bb max_width=\u00bb1280px\u00bb module_alignment=\u00bbcenter\u00bb min_height=\u00bb431px\u00bb custom_margin=\u00bb23px|auto|-30px|auto|false|false\u00bb custom_padding=\u00bb23px|30px|62px|54px||\u00bb global_colors_info=\u00bb{}\u00bb][et_pb_column type=\u00bb1_3&#8243; _builder_version=\u00bb4.18.0&#8243; _module_preset=\u00bbdefault\u00bb global_colors_info=\u00bb{}\u00bb][et_pb_text _builder_version=\u00bb4.18.0&#8243; _module_preset=\u00bbdefault\u00bb text_text_color=\u00bb#FFFFFF\u00bb text_font_size=\u00bb43px\u00bb text_letter_spacing=\u00bb4px\u00bb background_color=\u00bbRGBA(255,255,255,0)\u00bb use_background_color_gradient=\u00bbon\u00bb background_color_gradient_stops=\u00bb#e02b20 0%|#ffffff 100%\u00bb text_orientation=\u00bbcenter\u00bb width=\u00bb100%\u00bb max_width=\u00bb100%\u00bb min_height=\u00bb365px\u00bb height=\u00bb100px\u00bb custom_margin=\u00bb||7px|||\u00bb custom_padding=\u00bb||0px|||\u00bb border_color_all=\u00bbRGBA(255,255,255,0)\u00bb global_colors_info=\u00bb{}\u00bb]<\/p>\n<p>&nbsp;<\/p>\n<p>NUESTROS<\/p>\n<p>SERVICIOS<\/p>\n<p>[\/et_pb_text][\/et_pb_column][et_pb_column type=\u00bb1_3&#8243; _builder_version=\u00bb4.18.0&#8243; _module_preset=\u00bbdefault\u00bb global_colors_info=\u00bb{}\u00bb][et_pb_text _builder_version=\u00bb4.18.0&#8243; _dynamic_attributes=\u00bblink_option_url\u00bb _module_preset=\u00bbdefault\u00bb text_text_color=\u00bb#E02B20&#8243; text_font_size=\u00bb20px\u00bb link_option_url=\u00bb@ET-DC@eyJkeW5hbWljIjp0cnVlLCJjb250ZW50IjoicG9zdF9saW5rX3VybF9wYWdlIiwic2V0dGluZ3MiOnsicG9zdF9pZCI6IjE2NSJ9fQ==@\u00bb global_colors_info=\u00bb{}\u00bb]<\/p>\n<p>TRANSPORTE DE MERCANCIAS<\/p>\n<p>[\/et_pb_text][et_pb_image src=\u00bbhttps:\/\/www.casalosprados.es\/wp-content\/uploads\/2022\/08\/MINIATURAS500X300-01.jpg\u00bb title_text=\u00bbMINIATURAS500X300-01&#8243; url=\u00bb@ET-DC@eyJkeW5hbWljIjp0cnVlLCJjb250ZW50IjoicG9zdF9saW5rX3VybF9wYWdlIiwic2V0dGluZ3MiOnsicG9zdF9pZCI6IjE2NSJ9fQ==@\u00bb _builder_version=\u00bb4.18.0&#8243; _dynamic_attributes=\u00bburl\u00bb _module_preset=\u00bbdefault\u00bb global_colors_info=\u00bb{}\u00bb][\/et_pb_image][et_pb_text _builder_version=\u00bb4.18.0&#8243; _dynamic_attributes=\u00bblink_option_url\u00bb _module_preset=\u00bbdefault\u00bb link_option_url=\u00bb@ET-DC@eyJkeW5hbWljIjp0cnVlLCJjb250ZW50IjoicG9zdF9saW5rX3VybF9wYWdlIiwic2V0dGluZ3MiOnsicG9zdF9pZCI6IjE2NSJ9fQ==@\u00bb global_colors_info=\u00bb{}\u00bb]<\/p>\n<p><span>En Transportes Casa Los Prados, S.L.U. estamos especializados en realizar transportes de mercanc\u00edas, con la mejor calidad-precio.<\/span><\/p>\n<p>[\/et_pb_text][\/et_pb_column][et_pb_column type=\u00bb1_3&#8243; _builder_version=\u00bb4.18.0&#8243; _module_preset=\u00bbdefault\u00bb global_colors_info=\u00bb{}\u00bb][et_pb_text _builder_version=\u00bb4.18.0&#8243; _dynamic_attributes=\u00bblink_option_url\u00bb _module_preset=\u00bbdefault\u00bb text_text_color=\u00bb#E02B20&#8243; text_font_size=\u00bb20px\u00bb link_option_url=\u00bb@ET-DC@eyJkeW5hbWljIjp0cnVlLCJjb250ZW50IjoicG9zdF9saW5rX3VybF9wYWdlIiwic2V0dGluZ3MiOnsicG9zdF9pZCI6IjE3NSJ9fQ==@\u00bb global_colors_info=\u00bb{}\u00bb]<\/p>\n<p>TRANSPORTE DE PALETIZADOS<\/p>\n<p>[\/et_pb_text][et_pb_image src=\u00bbhttps:\/\/www.casalosprados.es\/wp-content\/uploads\/2022\/08\/MINIATURAS500X300-02.jpg\u00bb title_text=\u00bbMINIATURAS500X300-02&#8243; url=\u00bb@ET-DC@eyJkeW5hbWljIjp0cnVlLCJjb250ZW50IjoicG9zdF9saW5rX3VybF9wYWdlIiwic2V0dGluZ3MiOnsicG9zdF9pZCI6IjE3NSJ9fQ==@\u00bb _builder_version=\u00bb4.18.0&#8243; _dynamic_attributes=\u00bburl\u00bb _module_preset=\u00bbdefault\u00bb global_colors_info=\u00bb{}\u00bb][\/et_pb_image][et_pb_text _builder_version=\u00bb4.18.0&#8243; _dynamic_attributes=\u00bblink_option_url\u00bb _module_preset=\u00bbdefault\u00bb min_height=\u00bb54.4px\u00bb custom_padding=\u00bb||26px|||\u00bb link_option_url=\u00bb@ET-DC@eyJkeW5hbWljIjp0cnVlLCJjb250ZW50IjoicG9zdF9saW5rX3VybF9wYWdlIiwic2V0dGluZ3MiOnsicG9zdF9pZCI6IjE3NSJ9fQ==@\u00bb global_colors_info=\u00bb{}\u00bb]<\/p>\n<p><span>Contamos una moderna flota de camiones\u00a0para el transporte de mercanc\u00edas paletizadas por todo el territorio nacional.<\/span><\/p>\n<p>[\/et_pb_text][\/et_pb_column][\/et_pb_row][et_pb_row column_structure=\u00bb1_3,1_3,1_3&#8243; make_equal=\u00bbon\u00bb _builder_version=\u00bb4.18.0&#8243; _module_preset=\u00bbdefault\u00bb transform_scale=\u00bb110%|110%\u00bb width=\u00bbauto\u00bb max_width=\u00bb1280px\u00bb module_alignment=\u00bbcenter\u00bb min_height=\u00bb469.2px\u00bb custom_margin=\u00bb1px|auto||auto|false|false\u00bb custom_padding=\u00bb61px|30px|11px|54px||\u00bb global_colors_info=\u00bb{}\u00bb][et_pb_column type=\u00bb1_3&#8243; _builder_version=\u00bb4.18.0&#8243; _module_preset=\u00bbdefault\u00bb global_colors_info=\u00bb{}\u00bb][et_pb_text _builder_version=\u00bb4.18.0&#8243; _dynamic_attributes=\u00bblink_option_url\u00bb _module_preset=\u00bbdefault\u00bb text_text_color=\u00bb#E02B20&#8243; text_font_size=\u00bb20px\u00bb link_option_url=\u00bb@ET-DC@eyJkeW5hbWljIjp0cnVlLCJjb250ZW50IjoicG9zdF9saW5rX3VybF9wYWdlIiwic2V0dGluZ3MiOnsicG9zdF9pZCI6IjE4MiJ9fQ==@\u00bb global_colors_info=\u00bb{}\u00bb]<\/p>\n<p>TRANSPORTE DE CHATARRA<\/p>\n<p>[\/et_pb_text][et_pb_image src=\u00bbhttps:\/\/www.casalosprados.es\/wp-content\/uploads\/2022\/09\/MINIATURAS500X300-06.jpg\u00bb title_text=\u00bbMINIATURAS500X300-06&#8243; url=\u00bb@ET-DC@eyJkeW5hbWljIjp0cnVlLCJjb250ZW50IjoicG9zdF9saW5rX3VybF9wYWdlIiwic2V0dGluZ3MiOnsicG9zdF9pZCI6IjE4MiJ9fQ==@\u00bb _builder_version=\u00bb4.18.0&#8243; _dynamic_attributes=\u00bburl\u00bb _module_preset=\u00bbdefault\u00bb global_colors_info=\u00bb{}\u00bb][\/et_pb_image][et_pb_text _builder_version=\u00bb4.18.0&#8243; _dynamic_attributes=\u00bblink_option_url\u00bb _module_preset=\u00bbdefault\u00bb link_option_url=\u00bb@ET-DC@eyJkeW5hbWljIjp0cnVlLCJjb250ZW50IjoicG9zdF9saW5rX3VybF9wYWdlIiwic2V0dGluZ3MiOnsicG9zdF9pZCI6IjE4MiJ9fQ==@\u00bb global_colors_info=\u00bb{}\u00bb]<\/p>\n<p><span>Ofrecemos un servicio de recogida y transporte de chatarras y productos sider\u00fargicos.<\/span><\/p>\n<p>[\/et_pb_text][\/et_pb_column][et_pb_column type=\u00bb1_3&#8243; _builder_version=\u00bb4.18.0&#8243; _module_preset=\u00bbdefault\u00bb global_colors_info=\u00bb{}\u00bb][et_pb_text _builder_version=\u00bb4.18.0&#8243; _dynamic_attributes=\u00bblink_option_url\u00bb _module_preset=\u00bbdefault\u00bb text_text_color=\u00bb#E02B20&#8243; text_font_size=\u00bb20px\u00bb link_option_url=\u00bb@ET-DC@eyJkeW5hbWljIjp0cnVlLCJjb250ZW50IjoicG9zdF9saW5rX3VybF9wYWdlIiwic2V0dGluZ3MiOnsicG9zdF9pZCI6IjE4NyJ9fQ==@\u00bb global_colors_info=\u00bb{}\u00bb]<\/p>\n<p>TRANSPORTE DE GRANELES<\/p>\n<p>[\/et_pb_text][et_pb_image src=\u00bbhttps:\/\/www.casalosprados.es\/wp-content\/uploads\/2022\/08\/MINIATURAS500X300-04.jpg\u00bb title_text=\u00bbMINIATURAS500X300-04&#8243; url=\u00bb@ET-DC@eyJkeW5hbWljIjp0cnVlLCJjb250ZW50IjoicG9zdF9saW5rX3VybF9wYWdlIiwic2V0dGluZ3MiOnsicG9zdF9pZCI6IjE4NyJ9fQ==@\u00bb _builder_version=\u00bb4.18.0&#8243; _dynamic_attributes=\u00bburl\u00bb _module_preset=\u00bbdefault\u00bb global_colors_info=\u00bb{}\u00bb][\/et_pb_image][et_pb_text _builder_version=\u00bb4.18.0&#8243; _dynamic_attributes=\u00bblink_option_url\u00bb _module_preset=\u00bbdefault\u00bb link_option_url=\u00bb@ET-DC@eyJkeW5hbWljIjp0cnVlLCJjb250ZW50IjoicG9zdF9saW5rX3VybF9wYWdlIiwic2V0dGluZ3MiOnsicG9zdF9pZCI6IjE4NyJ9fQ==@\u00bb global_colors_info=\u00bb{}\u00bb]<\/p>\n<p><span>La carga a granel es aquella que se transporta en grandes cantidades sin empaquetar ni embalar.<\/span><\/p>\n<p>[\/et_pb_text][\/et_pb_column][et_pb_column type=\u00bb1_3&#8243; _builder_version=\u00bb4.18.0&#8243; _module_preset=\u00bbdefault\u00bb global_colors_info=\u00bb{}\u00bb][et_pb_text _builder_version=\u00bb4.18.0&#8243; _dynamic_attributes=\u00bblink_option_url\u00bb _module_preset=\u00bbdefault\u00bb text_text_color=\u00bb#E02B20&#8243; text_font_size=\u00bb22px\u00bb link_option_url=\u00bb@ET-DC@eyJkeW5hbWljIjp0cnVlLCJjb250ZW50IjoicG9zdF9saW5rX3VybF9wYWdlIiwic2V0dGluZ3MiOnsicG9zdF9pZCI6IjE5MyJ9fQ==@\u00bb global_colors_info=\u00bb{}\u00bb]<\/p>\n<p>SERVICIO DE TAXI<\/p>\n<p>[\/et_pb_text][et_pb_image src=\u00bbhttps:\/\/www.casalosprados.es\/wp-content\/uploads\/2022\/08\/MINIATURAS500X300-05.jpg\u00bb title_text=\u00bbMINIATURAS500X300-05&#8243; url=\u00bb@ET-DC@eyJkeW5hbWljIjp0cnVlLCJjb250ZW50IjoicG9zdF9saW5rX3VybF9wYWdlIiwic2V0dGluZ3MiOnsicG9zdF9pZCI6IjE5MyJ9fQ==@\u00bb _builder_version=\u00bb4.18.0&#8243; _dynamic_attributes=\u00bburl\u00bb _module_preset=\u00bbdefault\u00bb global_colors_info=\u00bb{}\u00bb][\/et_pb_image][et_pb_text _builder_version=\u00bb4.18.0&#8243; _dynamic_attributes=\u00bblink_option_url\u00bb _module_preset=\u00bbdefault\u00bb custom_margin=\u00bb||47px|||\u00bb custom_padding=\u00bb||47px|||\u00bb link_option_url=\u00bb@ET-DC@eyJkeW5hbWljIjp0cnVlLCJjb250ZW50IjoicG9zdF9saW5rX3VybF9wYWdlIiwic2V0dGluZ3MiOnsicG9zdF9pZCI6IjE5MyJ9fQ==@\u00bb global_colors_info=\u00bb{}\u00bb]<\/p>\n<p><span>Cuenta con nuestro servicio de taxi para todo tipo de desplazamientos.<\/span><\/p>\n<p>[\/et_pb_text][\/et_pb_column][\/et_pb_row][et_pb_row column_structure=\u00bb1_3,1_3,1_3&#8243; _builder_version=\u00bb4.18.0&#8243; _module_preset=\u00bbdefault\u00bb background_color=\u00bb#f7f7f7&#8243; animation_style=\u00bbfade\u00bb border_width_all=\u00bb1px\u00bb border_color_all=\u00bb#E02B20&#8243; global_colors_info=\u00bb{}\u00bb][et_pb_column type=\u00bb1_3&#8243; _builder_version=\u00bb4.18.0&#8243; _module_preset=\u00bbdefault\u00bb global_colors_info=\u00bb{}\u00bb][et_pb_text _builder_version=\u00bb4.18.0&#8243; _dynamic_attributes=\u00bblink_option_url\u00bb _module_preset=\u00bbdefault\u00bb text_text_color=\u00bb#E02B20&#8243; text_font_size=\u00bb20px\u00bb link_option_url=\u00bb@ET-DC@eyJkeW5hbWljIjp0cnVlLCJjb250ZW50IjoicG9zdF9saW5rX3VybF9wYWdlIiwic2V0dGluZ3MiOnsicG9zdF9pZCI6IjI0MCJ9fQ==@\u00bb global_colors_info=\u00bb{}\u00bb]<\/p>\n<p style=\"text-align: center;\">GALERIA DE FOTOS<\/p>\n<p>[\/et_pb_text][et_pb_icon font_icon=\u00bb&#xf030;||fa||900&#8243; url=\u00bb@ET-DC@eyJkeW5hbWljIjp0cnVlLCJjb250ZW50IjoicG9zdF9saW5rX3VybF9wYWdlIiwic2V0dGluZ3MiOnsicG9zdF9pZCI6IjI0MCJ9fQ==@\u00bb _builder_version=\u00bb4.18.0&#8243; _dynamic_attributes=\u00bburl\u00bb _module_preset=\u00bbdefault\u00bb global_colors_info=\u00bb{}\u00bb][\/et_pb_icon][\/et_pb_column][et_pb_column type=\u00bb1_3&#8243; _builder_version=\u00bb4.18.0&#8243; _module_preset=\u00bbdefault\u00bb global_colors_info=\u00bb{}\u00bb][et_pb_text _builder_version=\u00bb4.18.0&#8243; _dynamic_attributes=\u00bblink_option_url\u00bb _module_preset=\u00bbdefault\u00bb text_text_color=\u00bb#E02B20&#8243; text_font_size=\u00bb20px\u00bb link_option_url=\u00bb@ET-DC@eyJkeW5hbWljIjp0cnVlLCJjb250ZW50IjoicG9zdF9saW5rX3VybF9wYWdlIiwic2V0dGluZ3MiOnsicG9zdF9pZCI6IjI0NCJ9fQ==@\u00bb global_colors_info=\u00bb{}\u00bb]<\/p>\n<p style=\"text-align: center;\">VIDEOS<\/p>\n<p>[\/et_pb_text][et_pb_icon font_icon=\u00bb&#x49;||divi||400&#8243; url=\u00bb@ET-DC@eyJkeW5hbWljIjp0cnVlLCJjb250ZW50IjoicG9zdF9saW5rX3VybF9wYWdlIiwic2V0dGluZ3MiOnsicG9zdF9pZCI6IjI0NCJ9fQ==@\u00bb _builder_version=\u00bb4.18.0&#8243; _dynamic_attributes=\u00bburl\u00bb _module_preset=\u00bbdefault\u00bb global_colors_info=\u00bb{}\u00bb][\/et_pb_icon][\/et_pb_column][et_pb_column type=\u00bb1_3&#8243; _builder_version=\u00bb4.18.0&#8243; _module_preset=\u00bbdefault\u00bb global_colors_info=\u00bb{}\u00bb][et_pb_text _builder_version=\u00bb4.18.0&#8243; _dynamic_attributes=\u00bblink_option_url\u00bb _module_preset=\u00bbdefault\u00bb text_text_color=\u00bb#E02B20&#8243; text_font_size=\u00bb20px\u00bb link_option_url=\u00bb@ET-DC@eyJkeW5hbWljIjp0cnVlLCJjb250ZW50IjoicG9zdF9saW5rX3VybF9wYWdlIiwic2V0dGluZ3MiOnsicG9zdF9pZCI6IjI0NyJ9fQ==@\u00bb global_colors_info=\u00bb{}\u00bb]<\/p>\n<p style=\"text-align: center;\">CERTIFICACION ISO 9001<\/p>\n<p>[\/et_pb_text][et_pb_icon font_icon=\u00bb&#xf00c;||fa||900&#8243; url=\u00bb@ET-DC@eyJkeW5hbWljIjp0cnVlLCJjb250ZW50IjoicG9zdF9saW5rX3VybF9wYWdlIiwic2V0dGluZ3MiOnsicG9zdF9pZCI6IjI0NyJ9fQ==@\u00bb _builder_version=\u00bb4.18.0&#8243; _dynamic_attributes=\u00bburl\u00bb _module_preset=\u00bbdefault\u00bb hover_enabled=\u00bb0&#8243; global_colors_info=\u00bb{}\u00bb sticky_enabled=\u00bb0&#8243;][\/et_pb_icon][\/et_pb_column][\/et_pb_row][et_pb_row column_structure=\u00bb1_2,1_2&#8243; _builder_version=\u00bb4.18.0&#8243; _module_preset=\u00bbdefault\u00bb custom_padding=\u00bb||25px|||\u00bb global_colors_info=\u00bb{}\u00bb][et_pb_column type=\u00bb1_2&#8243; _builder_version=\u00bb4.18.0&#8243; _module_preset=\u00bbdefault\u00bb global_colors_info=\u00bb{}\u00bb][et_pb_text _builder_version=\u00bb4.18.0&#8243; _module_preset=\u00bbdefault\u00bb global_colors_info=\u00bb{}\u00bb]<\/p>\n<h1>QUIENES SOMOS<\/h1>\n<p>[\/et_pb_text][et_pb_text _builder_version=\u00bb4.18.0&#8243; _module_preset=\u00bbdefault\u00bb global_colors_info=\u00bb{}\u00bb]<\/p>\n<p>Transportes Casa los Prados S.L.U. se fund\u00f3 en la localidad de Mataporquera, Cantabria en <span style=\"color: #000000;\">1976<\/span> por Luis Fernando y Jac\u00ednto Guti\u00e9rrez, dedicada al transporte de mercanc\u00edas en general y al servicio de taxi.<\/p>\n<p>Desde nuestros inicios hemos ido evolucionando y renovando, convirti\u00e9ndonos en una empresa moderna, y adquiriendo los est\u00e1ndares de calidad en los servicios m\u00e1s exigentes.<\/p>\n<p>Contamos con la moderna flota de camiones para realizar transportes de mercanc\u00edas peligrosas (ADR), cargas paletizadas, cargas a granel, trasporte de chatarras y un excelente servicio de taxi para 9 plazas.<\/p>\n<p>Nuestras instalaciones cuentan con un almac\u00e9n cubierto y terreno de unos 1500 metros cuadrados.<\/p>\n<p>La empresa Transportes Casa los Prados S.L.U dispone de un sistema de gesti\u00f3n de calidad, Certificado de acuerdo a la Norma ISO 9001: 2015 , por BUREAU VERITAS IBERIA S.L, Y n\u00ba de Certificado 149442-1.<\/p>\n<p>Esta Certificaci\u00f3n nos permite demostrar nuestro compromiso tanto con la calidad y la satisfacci\u00f3n de nuestros clientes, y el compromiso demejorar d\u00eda a d\u00eda con el fin de proporcionar los mejores servicios de transporte.<\/p>\n<p>&nbsp;<\/p>\n<h4>Somos miembros de AETRAC CETM.<\/h4>\n<p>[\/et_pb_text][\/et_pb_column][et_pb_column type=\u00bb1_2&#8243; _builder_version=\u00bb4.18.0&#8243; _module_preset=\u00bbdefault\u00bb global_colors_info=\u00bb{}\u00bb][et_pb_text _builder_version=\u00bb4.18.0&#8243; _module_preset=\u00bbdefault\u00bb global_colors_info=\u00bb{}\u00bb]<\/p>\n<h1>DONDE ESTAMOS<\/h1>\n<p>[\/et_pb_text][et_pb_code _builder_version=\u00bb4.18.0&#8243; _module_preset=\u00bbdefault\u00bb width=\u00bb87.2%\u00bb global_module=\u00bb327&#8243; saved_tabs=\u00bball\u00bb global_colors_info=\u00bb{}\u00bb]<iframe src=\"https:\/\/www.google.com\/maps\/embed?pb=!1m18!1m12!1m3!1d2923.80574439336!2d-4.1608487!3d42.876944099999996!2m3!1f0!2f0!3f0!3m2!1i1024!2i768!4f13.1!3m3!1m2!1s0xd48eeb012408499%3A0xe9c024d22d47217b!2sC.%20Carretera%2C%203%2C%2039410%2C%20Cantabria!5e0!3m2!1ses!2ses!4v1661178445813!5m2!1ses!2ses\" width=\"600\" height=\"450\" style=\"border:0;\" allowfullscreen=\"\" loading=\"lazy\" referrerpolicy=\"no-referrer-when-downgrade\"><\/iframe>[\/et_pb_code][\/et_pb_column][\/et_pb_row][et_pb_row column_structure=\u00bb1_4,1_4,1_4,1_4&#8243; _builder_version=\u00bb4.18.0&#8243; _module_preset=\u00bbdefault\u00bb background_color=\u00bb#f4f4f4&#8243; custom_padding=\u00bb21px|50px|21px|28px||\u00bb global_colors_info=\u00bb{}\u00bb][et_pb_column type=\u00bb1_4&#8243; _builder_version=\u00bb4.18.0&#8243; _module_preset=\u00bbdefault\u00bb global_colors_info=\u00bb{}\u00bb][et_pb_image src=\u00bbhttps:\/\/www.casalosprados.es\/wp-content\/uploads\/2025\/04\/ISO-9001-RGB.png\u00bb _builder_version=\u00bb4.18.0&#8243; _module_preset=\u00bbdefault\u00bb title_text=\u00bbISO-9001-RGB\u00bb hover_enabled=\u00bb0&#8243; sticky_enabled=\u00bb0&#8243;][\/et_pb_image][\/et_pb_column][et_pb_column type=\u00bb1_4&#8243; _builder_version=\u00bb4.18.0&#8243; _module_preset=\u00bbdefault\u00bb global_colors_info=\u00bb{}\u00bb][et_pb_image src=\u00bbhttps:\/\/www.casalosprados.es\/wp-content\/uploads\/2025\/04\/22312150-BUP-TRANSPORTES-CASA-LOS-PRADOS-S.L.U.jpg\u00bb title_text=\u00bb22312150-BUP-TRANSPORTES-CASA-LOS-PRADOS-S.L.U\u00bb show_in_lightbox=\u00bbon\u00bb _builder_version=\u00bb4.18.0&#8243; _module_preset=\u00bbdefault\u00bb hover_enabled=\u00bb0&#8243; global_colors_info=\u00bb{}\u00bb sticky_enabled=\u00bb0&#8243;][\/et_pb_image][\/et_pb_column][et_pb_column type=\u00bb1_4&#8243; _builder_version=\u00bb4.18.0&#8243; _module_preset=\u00bbdefault\u00bb global_colors_info=\u00bb{}\u00bb][et_pb_image src=\u00bbhttps:\/\/www.casalosprados.es\/wp-content\/uploads\/2022\/10\/POLITICA-DE-CALIDAD.png\u00bb title_text=\u00bbPOLITICA-DE-CALIDAD\u00bb show_in_lightbox=\u00bbon\u00bb _builder_version=\u00bb4.18.0&#8243; _module_preset=\u00bbdefault\u00bb global_colors_info=\u00bb{}\u00bb][\/et_pb_image][\/et_pb_column][et_pb_column type=\u00bb1_4&#8243; _builder_version=\u00bb4.18.0&#8243; _module_preset=\u00bbdefault\u00bb global_colors_info=\u00bb{}\u00bb][et_pb_text _builder_version=\u00bb4.18.0&#8243; _module_preset=\u00bbdefault\u00bb global_colors_info=\u00bb{}\u00bb]<\/p>\n<p>Somos una empresas de transportes por carretera Cantabria, ofrecemos un servicio serio y de calidad, basado en una relaci\u00f3n de mutua confianza con el cliente. Llevamos a\u00f1os ofreciendo el mejor servicio a todos los clientes que conf\u00edan en nuestra labor. <br \/>Servicios de transporte de mercanc\u00edas por toda Espa\u00f1a<\/p>\n<p>En Transportes Casa Los Prados, S.L.U., realizamos transporte de todo tipo de mercanc\u00edas por todo el pa\u00eds: mercanc\u00edas peligrosas (ADR), cargas paletizadas, cargas a granel, trasporte de chatarras y adem\u00e1s, ofrecemos un servicio de taxi para 9 plazas.<\/p>\n<p>Si tienes que elegir una de las empresas de transportes por carretera Cantabria que tenga la infraestructura necesaria para cubrir tus necesidades de transporte.<\/p>\n<p>[\/et_pb_text][\/et_pb_column][\/et_pb_row][et_pb_row column_structure=\u00bb3_4,1_4&#8243; _builder_version=\u00bb4.18.0&#8243; _module_preset=\u00bbdefault\u00bb background_color=\u00bbRGBA(255,255,255,0)\u00bb min_height=\u00bb232.8px\u00bb custom_margin=\u00bb6px|auto||auto||\u00bb custom_padding=\u00bb30px||31px|||\u00bb global_colors_info=\u00bb{}\u00bb][et_pb_column type=\u00bb3_4&#8243; _builder_version=\u00bb4.18.0&#8243; _module_preset=\u00bbdefault\u00bb global_colors_info=\u00bb{}\u00bb][et_pb_text _builder_version=\u00bb4.18.0&#8243; _module_preset=\u00bbdefault\u00bb global_colors_info=\u00bb{}\u00bb]<\/p>\n<p>Desde que fundamos Transportes Casa Los Prados, S.L.U., dentro del sector de las empresas de transporte Cantabria, nuestro objetivo ha sido proporcionar a nuestros clientes el mejor servicio de transporte nacional para sus mercanc\u00edas.<br \/>Tenemos un veh\u00edculo adaptado para cada tipo de mercanc\u00eda<\/p>\n<p>Disponemos de camiones de diferentes tipos y capacidades en funci\u00f3n de la carga a transportar, ya sean mercanc\u00edas peligrosas (ADR), cargas paletizadas, cargas a granel, transporte de chatarras, etc. Para ello contamos con un equipo de profesionales con una larga experiencia y cualificaci\u00f3n dentro del sector de las empresas de transporte Cantabria.<\/p>\n<p>Nuestra misi\u00f3n consiste en conocer las necesidades de nuestros clientes para ofrecer un servicio integral y a medida.<\/p>\n<p>[\/et_pb_text][\/et_pb_column][et_pb_column type=\u00bb1_4&#8243; _builder_version=\u00bb4.18.0&#8243; _module_preset=\u00bbdefault\u00bb global_colors_info=\u00bb{}\u00bb][et_pb_image src=\u00bbhttps:\/\/www.casalosprados.es\/wp-content\/uploads\/2022\/08\/FOTO09.jpg\u00bb title_text=\u00bbFOTO09&#8243; _builder_version=\u00bb4.18.0&#8243; _module_preset=\u00bbdefault\u00bb global_colors_info=\u00bb{}\u00bb][\/et_pb_image][\/et_pb_column][\/et_pb_row][et_pb_row column_structure=\u00bb1_4,3_4&#8243; _builder_version=\u00bb4.18.0&#8243; _module_preset=\u00bbdefault\u00bb background_color=\u00bb#f4f4f4&#8243; custom_margin=\u00bb3px|auto||auto||\u00bb custom_padding=\u00bb28px|14px|24px|||\u00bb global_colors_info=\u00bb{}\u00bb][et_pb_column type=\u00bb1_4&#8243; _builder_version=\u00bb4.18.0&#8243; _module_preset=\u00bbdefault\u00bb global_colors_info=\u00bb{}\u00bb][et_pb_image src=\u00bbhttps:\/\/www.casalosprados.es\/wp-content\/uploads\/2022\/09\/44.jpg\u00bb title_text=\u00bb44&#8243; _builder_version=\u00bb4.18.0&#8243; _module_preset=\u00bbdefault\u00bb global_colors_info=\u00bb{}\u00bb][\/et_pb_image][\/et_pb_column][et_pb_column type=\u00bb3_4&#8243; _builder_version=\u00bb4.18.0&#8243; _module_preset=\u00bbdefault\u00bb global_colors_info=\u00bb{}\u00bb][et_pb_text _builder_version=\u00bb4.18.0&#8243; _module_preset=\u00bbdefault\u00bb global_colors_info=\u00bb{}\u00bb]<\/p>\n<p>Contamos con a\u00f1os de experiencia en el transporte nacional Cantabria de mercanc\u00edas de diversos tipos. Ofrecemos servicios personalizados y adaptados al tipo de carga y a las necesidades de cada cliente.<br \/>La m\u00e1s moderna flota de camiones para el transporte nacional de mercanc\u00edas<\/p>\n<p>Desde nuestros inicios, en Transportes Casa Los Prados, S.L. hemos ido ampliando nuestros camiones, contando con una gama de veh\u00edculos adaptados para transportes de mercanc\u00edas peligrosas (ADR), cargas paletizadas, mercanc\u00edas de todo tipo a granel, chatarras y en general para dar los mejores servicios de transportes a clientes de todos los sectores. Tambi\u00e9n ofrecemos servicio de taxi 9 plazas<\/p>\n<p>[\/et_pb_text][\/et_pb_column][\/et_pb_row][et_pb_row column_structure=\u00bb3_4,1_4&#8243; _builder_version=\u00bb4.18.0&#8243; _module_preset=\u00bbdefault\u00bb background_color=\u00bbRGBA(255,255,255,0)\u00bb min_height=\u00bb232.8px\u00bb custom_margin=\u00bb6px|auto||auto||\u00bb custom_padding=\u00bb18px||17px|||\u00bb global_colors_info=\u00bb{}\u00bb][et_pb_column type=\u00bb3_4&#8243; _builder_version=\u00bb4.18.0&#8243; _module_preset=\u00bbdefault\u00bb global_colors_info=\u00bb{}\u00bb][et_pb_text _builder_version=\u00bb4.18.0&#8243; _module_preset=\u00bbdefault\u00bb custom_margin=\u00bb|-23px||||\u00bb global_colors_info=\u00bb{}\u00bb]<\/p>\n<p>Llevamos ofreciendo servicios de transporte por carretera Cantabria desde 1976, desde entonces no hemos parado de innovar y actualizarnos para optimizar d\u00eda a d\u00eda al m\u00e1ximo las prestaciones que ofrecemos a nuestros clientes.<br \/>Servicio integral de transporte por carretera para actividades de todos los sectores<\/p>\n<p>Actualmente contamos con una gran flota de camiones equipados con la m\u00e1s moderna tecnolog\u00eda y aplicaciones para dar cobertura log\u00edstica a toda clase de mercanc\u00edas y situaciones como, adem\u00e1s de un almac\u00e9n cubierto y terreno de 1500 m2.<\/p>\n<p>En Transportes Casa Los Prados, S.L.U. trabajamos en el transporte de mercanc\u00edas peligrosas (ADR), cargas paletizadas, cargas a granel, trasporte de chatarras y servicio de taxi para 9 plazas.<\/p>\n<p>Ll\u00e1manos al tel\u00e9fono 942 770212, estamos seguros de que podemos ofrecerte el servicio que necesitas.<\/p>\n<p>.<\/p>\n<p>[\/et_pb_text][\/et_pb_column][et_pb_column type=\u00bb1_4&#8243; _builder_version=\u00bb4.18.0&#8243; _module_preset=\u00bbdefault\u00bb global_colors_info=\u00bb{}\u00bb][et_pb_image src=\u00bbhttps:\/\/www.casalosprados.es\/wp-content\/uploads\/2022\/08\/FOTO16.jpg\u00bb title_text=\u00bbFOTO16&#8243; _builder_version=\u00bb4.18.0&#8243; _module_preset=\u00bbdefault\u00bb global_colors_info=\u00bb{}\u00bb][\/et_pb_image][\/et_pb_column][\/et_pb_row][\/et_pb_section][et_pb_section fb_built=\u00bb1&#8243; theme_builder_area=\u00bbpost_content\u00bb _builder_version=\u00bb4.18.0&#8243; _module_preset=\u00bbdefault\u00bb custom_padding=\u00bb27px||5px|||\u00bb][et_pb_row _builder_version=\u00bb4.18.0&#8243; _module_preset=\u00bbdefault\u00bb theme_builder_area=\u00bbpost_content\u00bb custom_padding=\u00bb4px||11px|||\u00bb][et_pb_column _builder_version=\u00bb4.18.0&#8243; _module_preset=\u00bbdefault\u00bb type=\u00bb4_4&#8243; theme_builder_area=\u00bbpost_content\u00bb][et_pb_text _builder_version=\u00bb4.18.0&#8243; _module_preset=\u00bbdefault\u00bb theme_builder_area=\u00bbpost_content\u00bb hover_enabled=\u00bb0&#8243; sticky_enabled=\u00bb0&#8243; text_text_color=\u00bb#E02B20&#8243;]<\/p>\n<p style=\"text-align: center;\">AYUDAS A LA DIGITALIZACI\u00d3N A LAS EMPRESAS DE TRANSPORTE DE MERCANCIAS<\/p>\n<p>[\/et_pb_text][\/et_pb_column][\/et_pb_row][et_pb_row _builder_version=\u00bb4.18.0&#8243; _module_preset=\u00bbdefault\u00bb column_structure=\u00bb1_2,1_2&#8243; theme_builder_area=\u00bbpost_content\u00bb custom_padding=\u00bb19px||15px|||\u00bb][et_pb_column _builder_version=\u00bb4.18.0&#8243; _module_preset=\u00bbdefault\u00bb type=\u00bb1_2&#8243; theme_builder_area=\u00bbpost_content\u00bb][et_pb_image src=\u00bbhttps:\/\/www.casalosprados.es\/wp-content\/uploads\/2025\/04\/FOMENTO-OPT2.png\u00bb _builder_version=\u00bb4.18.0&#8243; _module_preset=\u00bbdefault\u00bb theme_builder_area=\u00bbpost_content\u00bb title_text=\u00bbFOMENTO-OPT2&#8243; hover_enabled=\u00bb0&#8243; sticky_enabled=\u00bb0&#8243; align=\u00bbright\u00bb][\/et_pb_image][\/et_pb_column][et_pb_column _builder_version=\u00bb4.18.0&#8243; _module_preset=\u00bbdefault\u00bb type=\u00bb1_2&#8243; theme_builder_area=\u00bbpost_content\u00bb][et_pb_image src=\u00bbhttps:\/\/www.casalosprados.es\/wp-content\/uploads\/2025\/04\/TRANSPORTES-OPT2.png\u00bb _builder_version=\u00bb4.18.0&#8243; _module_preset=\u00bbdefault\u00bb theme_builder_area=\u00bbpost_content\u00bb title_text=\u00bbTRANSPORTES-OPT2&#8243; hover_enabled=\u00bb0&#8243; sticky_enabled=\u00bb0&#8243;][\/et_pb_image][\/et_pb_column][\/et_pb_row][\/et_pb_section]<\/p>\n","protected":false},"excerpt":{"rendered":"<p>Transporte de mercanc\u00edas por carretera con sede en CantabriaTransporte de mercanc\u00edas peligrosas, cargas paletizadas, cargas a granel, transporte de chatarras&#8230;Servicio de taxi&nbsp; NUESTROS SERVICIOSTRANSPORTE DE MERCANCIASEn Transportes Casa Los Prados, S.L.U. estamos especializados en realizar transportes de mercanc\u00edas, con la mejor calidad-precio.TRANSPORTE DE PALETIZADOSContamos una moderna flota de camiones\u00a0para el transporte de mercanc\u00edas paletizadas por [&hellip;]<\/p>\n","protected":false},"author":1,"featured_media":0,"parent":0,"menu_order":0,"comment_status":"closed","ping_status":"open","template":"","meta":{"_et_pb_use_builder":"on","_et_pb_old_content":"","_et_gb_content_width":"","footnotes":""},"class_list":["post-33","page","type-page","status-publish","hentry"],"_links":{"self":[{"href":"https:\/\/www.casalosprados.es\/index.php?rest_route=\/wp\/v2\/pages\/33","targetHints":{"allow":["GET"]}}],"collection":[{"href":"https:\/\/www.casalosprados.es\/index.php?rest_route=\/wp\/v2\/pages"}],"about":[{"href":"https:\/\/www.casalosprados.es\/index.php?rest_route=\/wp\/v2\/types\/page"}],"author":[{"embeddable":true,"href":"https:\/\/www.casalosprados.es\/index.php?rest_route=\/wp\/v2\/users\/1"}],"replies":[{"embeddable":true,"href":"https:\/\/www.casalosprados.es\/index.php?rest_route=%2Fwp%2Fv2%2Fcomments&post=33"}],"version-history":[{"count":83,"href":"https:\/\/www.casalosprados.es\/index.php?rest_route=\/wp\/v2\/pages\/33\/revisions"}],"predecessor-version":[{"id":558,"href":"https:\/\/www.casalosprados.es\/index.php?rest_route=\/wp\/v2\/pages\/33\/revisions\/558"}],"wp:attachment":[{"href":"https:\/\/www.casalosprados.es\/index.php?rest_route=%2Fwp%2Fv2%2Fmedia&parent=33"}],"curies":[{"name":"wp","href":"https:\/\/api.w.org\/{rel}","templated":true}]}}